{"id":126,"date":"2025-07-03T11:30:32","date_gmt":"2025-07-03T11:30:32","guid":{"rendered":"https:\/\/peninsoul.com\/?page_id=126"},"modified":"2026-03-10T13:18:35","modified_gmt":"2026-03-10T13:18:35","slug":"politique-de-confidentialite","status":"publish","type":"page","link":"https:\/\/peninsoul.com\/fr\/politica-de-privacitat\/","title":{"rendered":"Politique de confidentialit\u00e9"},"content":{"rendered":"<h3 data-section-id=\"1fojpzs\" data-start=\"3348\" data-end=\"3380\">1. Responsable du traitement<\/h3>\n<p data-start=\"3382\" data-end=\"3606\">Conform\u00e9ment au r\u00e8glement (UE) 2016\/679 du 27 avril 2016 (RGPD) et \u00e0 la loi organique 3\/2018 relative \u00e0 la protection des donn\u00e9es \u00e0 caract\u00e8re personnel et \u00e0 la garantie des droits num\u00e9riques, nous vous informons que le responsable du traitement est :<\/p>\n<p data-start=\"3608\" data-end=\"3766\"><strong data-start=\"3608\" data-end=\"3625\">Peninsoul, S.A.<\/strong><br data-start=\"3625\" data-end=\"3628\" \/>Num\u00e9ro d'identification fiscale : <strong data-start=\"3633\" data-end=\"3646\">B62170113<\/strong><br data-start=\"3646\" data-end=\"3649\" \/>Adresse : <strong data-start=\"3657\" data-end=\"3737\">Zone industrielle C. Albert Einstein, C'an Jorn, 08430 La Roca del Vall\u00e8s (Barcelone)<\/strong><br data-start=\"3737\" data-end=\"3740\" \/>Site web : <strong data-start=\"3745\" data-end=\"3766\"><a class=\"decorated-link\" href=\"https:\/\/peninsoul.com\/fr\/\" target=\"_new\" rel=\"noopener\" data-start=\"3747\" data-end=\"3764\">www.peninsoul.com<\/a><\/strong><\/p>\n<hr data-start=\"3768\" data-end=\"3771\" \/>\n<h3 data-section-id=\"1sbik3j\" data-start=\"3773\" data-end=\"3816\">2. Finalit\u00e9 du traitement des donn\u00e9es<\/h3>\n<p data-start=\"3818\" data-end=\"3929\">Les donn\u00e9es \u00e0 caract\u00e8re personnel collect\u00e9es via le site web seront utilis\u00e9es aux fins suivantes :<\/p>\n<ul data-start=\"3931\" data-end=\"4161\">\n<li data-section-id=\"kirdf2\" data-start=\"3931\" data-end=\"3991\">\n<p data-start=\"3933\" data-end=\"3991\">R\u00e9pondre aux demandes ou aux requ\u00eates des utilisateurs.<\/p>\n<\/li>\n<li data-section-id=\"sa483n\" data-start=\"3992\" data-end=\"4040\">\n<p data-start=\"3994\" data-end=\"4040\">G\u00e9rer la relation commerciale ou professionnelle.<\/p>\n<\/li>\n<li data-section-id=\"14r3y5l\" data-start=\"4041\" data-end=\"4106\">\n<p data-start=\"4043\" data-end=\"4106\">Envoyer des communications concernant les services demand\u00e9s.<\/p>\n<\/li>\n<li data-section-id=\"114n6a7\" data-start=\"4107\" data-end=\"4161\">\n<p data-start=\"4109\" data-end=\"4161\">Am\u00e9liorer les services et le fonctionnement du site web.<\/p>\n<\/li>\n<\/ul>\n<p data-start=\"4163\" data-end=\"4315\">Les donn\u00e9es seront conserv\u00e9es aussi longtemps que n\u00e9cessaire pour atteindre l'objectif pour lequel elles ont \u00e9t\u00e9 collect\u00e9es ou tant que des obligations l\u00e9gales subsistent.<\/p>\n<hr data-start=\"4317\" data-end=\"4320\" \/>\n<h3 data-section-id=\"r95vn0\" data-start=\"4322\" data-end=\"4356\">3. Base juridique du traitement<\/h3>\n<p data-start=\"4358\" data-end=\"4406\">La base juridique du traitement des donn\u00e9es est la suivante :<\/p>\n<ul data-start=\"4408\" data-end=\"4541\">\n<li data-section-id=\"1nhffc4\" data-start=\"4408\" data-end=\"4446\">\n<p data-start=\"4410\" data-end=\"4446\">Le <strong data-start=\"4413\" data-end=\"4445\">Consentement de la personne concern\u00e9e<\/strong>.<\/p>\n<\/li>\n<li data-section-id=\"1vc7760\" data-start=\"4447\" data-end=\"4503\">\n<p data-start=\"4449\" data-end=\"4503\">L'ex\u00e9cution d'une relation contractuelle ou pr\u00e9contractuelle.<\/p>\n<\/li>\n<li data-section-id=\"ss8i5o\" data-start=\"4504\" data-end=\"4541\">\n<p data-start=\"4506\" data-end=\"4541\">Respect des obligations l\u00e9gales.<\/p>\n<\/li>\n<\/ul>\n<hr data-start=\"4543\" data-end=\"4546\" \/>\n<h3 data-section-id=\"u67v50\" data-start=\"4548\" data-end=\"4584\">4. Communication de donn\u00e9es \u00e0 des tiers<\/h3>\n<p data-start=\"4586\" data-end=\"4722\">Les donn\u00e9es \u00e0 caract\u00e8re personnel ne seront pas communiqu\u00e9es \u00e0 des tiers, sauf en cas d'obligation l\u00e9gale ou si cela s'av\u00e8re n\u00e9cessaire pour la prestation du service.<\/p>\n<p data-start=\"4724\" data-end=\"4910\">Dans certains cas, des prestataires de services peuvent intervenir pour traiter les donn\u00e9es pour le compte du responsable du traitement, toujours dans le cadre d'un accord de confidentialit\u00e9 et avec les garanties juridiques appropri\u00e9es.<\/p>\n<hr data-start=\"4912\" data-end=\"4915\" \/>\n<h3 data-section-id=\"14l7o6m\" data-start=\"4917\" data-end=\"4941\">5. Droits des utilisateurs<\/h3>\n<p data-start=\"4943\" data-end=\"4968\">Les utilisateurs ont le droit de :<\/p>\n<ul data-start=\"4970\" data-end=\"5232\">\n<li data-section-id=\"xhlyzm\" data-start=\"4970\" data-end=\"5007\">\n<p data-start=\"4972\" data-end=\"5007\">Acc\u00e9der \u00e0 vos donn\u00e9es personnelles<\/p>\n<\/li>\n<li data-section-id=\"1sgnoyj\" data-start=\"5008\" data-end=\"5056\">\n<p data-start=\"5010\" data-end=\"5056\">Demander la rectification de donn\u00e9es inexactes<\/p>\n<\/li>\n<li data-section-id=\"nl3iiz\" data-start=\"5057\" data-end=\"5102\">\n<p data-start=\"5059\" data-end=\"5102\">Demander la suppression de vos donn\u00e9es<\/p>\n<\/li>\n<li data-section-id=\"dudekp\" data-start=\"5103\" data-end=\"5144\">\n<p data-start=\"5105\" data-end=\"5144\">Demander la limitation du traitement<\/p>\n<\/li>\n<li data-section-id=\"jstjtj\" data-start=\"5145\" data-end=\"5189\">\n<p data-start=\"5147\" data-end=\"5189\">Pour vous opposer au traitement de vos donn\u00e9es<\/p>\n<\/li>\n<li data-section-id=\"51zfpt\" data-start=\"5190\" data-end=\"5232\">\n<p data-start=\"5192\" data-end=\"5232\">Demander la portabilit\u00e9 des donn\u00e9es<\/p>\n<\/li>\n<\/ul>\n<p data-start=\"5234\" data-end=\"5307\">Pour exercer ces droits, l'utilisateur peut adresser une demande \u00e9crite \u00e0 :<\/p>\n<p data-start=\"5309\" data-end=\"5406\"><strong data-start=\"5309\" data-end=\"5326\">Peninsoul, S.A.<\/strong><br data-start=\"5326\" data-end=\"5329\" \/>Zone industrielle C. Albert Einstein \u00e0 C'an Jorn<br data-start=\"5367\" data-end=\"5370\" \/>08430 La Roca del Vall\u00e8s (Barcelone)<\/p>\n<p data-start=\"5408\" data-end=\"5550\">Vous pouvez \u00e9galement d\u00e9poser une plainte aupr\u00e8s de la\u2019<strong data-start=\"5454\" data-end=\"5497\">Agence espagnole de protection des donn\u00e9es<\/strong> si vous estimez que vos droits ont \u00e9t\u00e9 bafou\u00e9s.<\/p>\n<p data-start=\"5552\" data-end=\"5576\">Site web : <a class=\"decorated-link\" href=\"https:\/\/www.aepd.es\" target=\"_new\" rel=\"noopener\" data-start=\"5557\" data-end=\"5576\">https:\/\/www.aepd.es<\/a><\/p>\n<hr data-start=\"5578\" data-end=\"5581\" \/>\n<h3 data-section-id=\"o45nmr\" data-start=\"5583\" data-end=\"5611\">6. S\u00e9curit\u00e9 des donn\u00e9es<\/h3>\n<p data-start=\"5613\" data-end=\"5819\">Le responsable du traitement met en \u0153uvre les mesures techniques et organisationnelles n\u00e9cessaires pour garantir la s\u00e9curit\u00e9 des donn\u00e9es \u00e0 caract\u00e8re personnel et emp\u00eacher leur alt\u00e9ration, leur perte, leur traitement non autoris\u00e9 ou tout acc\u00e8s non autoris\u00e9.<\/p>\n<hr data-start=\"5821\" data-end=\"5824\" \/>\n<h3 data-section-id=\"hj6tst\" data-start=\"5826\" data-end=\"5874\">7. Modifications apport\u00e9es \u00e0 la politique de confidentialit\u00e9<\/h3>\n<p data-start=\"5876\" data-end=\"5996\">Le pr\u00eateur se r\u00e9serve le droit de modifier la pr\u00e9sente politique afin de l'adapter \u00e0 toute nouvelle l\u00e9gislation ou jurisprudence.<\/p>\n<p data-start=\"5998\" data-end=\"6081\">Dans ce cas, les modifications seront annonc\u00e9es sur cette page avec un pr\u00e9avis raisonnable.<\/p>","protected":false},"excerpt":{"rendered":"<p>1. Responsable del tractament En compliment del Reglament (UE) 2016\/679 de 27 d\u2019abril de 2016 (RGPD) i de la Llei Org\u00e0nica 3\/2018 de Protecci\u00f3 de Dades Personals i garantia dels drets digitals, s&#8217;informa que el responsable del tractament de les dades \u00e9s: Peninsoul, SLNIF: B62170113Adre\u00e7a: C. Albert Einstein Pol. Ind. C\u2019an Jorn, 08430 La Roca [&hellip;]<\/p>\n","protected":false},"author":1,"featured_media":0,"parent":0,"menu_order":0,"comment_status":"closed","ping_status":"closed","template":"page-legals.php","meta":{"_acf_changed":false,"footnotes":""},"class_list":["post-126","page","type-page","status-publish","hentry"],"acf":[],"yoast_head":"<!-- This site is optimized with the Yoast SEO plugin v27.1.1 - https:\/\/yoast.com\/product\/yoast-seo-wordpress\/ -->\n<title>Pol\u00edtica de privacitat - Peninsoul<\/title>\n<meta name=\"robots\" content=\"index, follow, max-snippet:-1, max-image-preview:large, max-video-preview:-1\" \/>\n<link rel=\"canonical\" href=\"https:\/\/peninsoul.com\/fr\/politique-de-confidentialite\/\" \/>\n<meta property=\"og:locale\" content=\"fr_FR\" \/>\n<meta property=\"og:type\" content=\"article\" \/>\n<meta property=\"og:title\" content=\"Pol\u00edtica de privacitat - Peninsoul\" \/>\n<meta property=\"og:description\" content=\"1. Responsable del tractament En compliment del Reglament (UE) 2016\/679 de 27 d\u2019abril de 2016 (RGPD) i de la Llei Org\u00e0nica 3\/2018 de Protecci\u00f3 de Dades Personals i garantia dels drets digitals, s&#8217;informa que el responsable del tractament de les dades \u00e9s: Peninsoul, SLNIF: B62170113Adre\u00e7a: C. Albert Einstein Pol. Ind. C\u2019an Jorn, 08430 La Roca [&hellip;]\" \/>\n<meta property=\"og:url\" content=\"https:\/\/peninsoul.com\/fr\/politique-de-confidentialite\/\" \/>\n<meta property=\"og:site_name\" content=\"Peninsoul\" \/>\n<meta property=\"article:modified_time\" content=\"2026-03-10T13:18:35+00:00\" \/>\n<meta name=\"twitter:card\" content=\"summary_large_image\" \/>\n<meta name=\"twitter:label1\" content=\"Dur\u00e9e de lecture estim\u00e9e\" \/>\n\t<meta name=\"twitter:data1\" content=\"2 minutes\" \/>\n<script type=\"application\/ld+json\" class=\"yoast-schema-graph\">{\"@context\":\"https:\/\/schema.org\",\"@graph\":[{\"@type\":\"WebPage\",\"@id\":\"https:\/\/peninsoul.com\/en\/politica-de-privacitat\/\",\"url\":\"https:\/\/peninsoul.com\/en\/politica-de-privacitat\/\",\"name\":\"Pol\u00edtica de privacitat - Peninsoul\",\"isPartOf\":{\"@id\":\"https:\/\/peninsoul.com\/#website\"},\"datePublished\":\"2025-07-03T11:30:32+00:00\",\"dateModified\":\"2026-03-10T13:18:35+00:00\",\"breadcrumb\":{\"@id\":\"https:\/\/peninsoul.com\/en\/politica-de-privacitat\/#breadcrumb\"},\"inLanguage\":\"fr-FR\",\"potentialAction\":[{\"@type\":\"ReadAction\",\"target\":[\"https:\/\/peninsoul.com\/en\/politica-de-privacitat\/\"]}]},{\"@type\":\"BreadcrumbList\",\"@id\":\"https:\/\/peninsoul.com\/en\/politica-de-privacitat\/#breadcrumb\",\"itemListElement\":[{\"@type\":\"ListItem\",\"position\":1,\"name\":\"Inici\",\"item\":\"https:\/\/peninsoul.com\/\"},{\"@type\":\"ListItem\",\"position\":2,\"name\":\"Pol\u00edtica de privacitat\"}]},{\"@type\":\"WebSite\",\"@id\":\"https:\/\/peninsoul.com\/#website\",\"url\":\"https:\/\/peninsoul.com\/\",\"name\":\"Peninsoul\",\"description\":\"Reciclar, transformar i connectar amb el m\u00f3n.\",\"potentialAction\":[{\"@type\":\"SearchAction\",\"target\":{\"@type\":\"EntryPoint\",\"urlTemplate\":\"https:\/\/peninsoul.com\/?s={search_term_string}\"},\"query-input\":{\"@type\":\"PropertyValueSpecification\",\"valueRequired\":true,\"valueName\":\"search_term_string\"}}],\"inLanguage\":\"fr-FR\"}]}<\/script>\n<!-- \/ Yoast SEO plugin. -->","yoast_head_json":{"title":"Politique de confidentialit\u00e9 - Peninsoul","robots":{"index":"index","follow":"follow","max-snippet":"max-snippet:-1","max-image-preview":"max-image-preview:large","max-video-preview":"max-video-preview:-1"},"canonical":"https:\/\/peninsoul.com\/fr\/politique-de-confidentialite\/","og_locale":"fr_FR","og_type":"article","og_title":"Pol\u00edtica de privacitat - Peninsoul","og_description":"1. Responsable del tractament En compliment del Reglament (UE) 2016\/679 de 27 d\u2019abril de 2016 (RGPD) i de la Llei Org\u00e0nica 3\/2018 de Protecci\u00f3 de Dades Personals i garantia dels drets digitals, s&#8217;informa que el responsable del tractament de les dades \u00e9s: Peninsoul, SLNIF: B62170113Adre\u00e7a: C. Albert Einstein Pol. Ind. C\u2019an Jorn, 08430 La Roca [&hellip;]","og_url":"https:\/\/peninsoul.com\/fr\/politique-de-confidentialite\/","og_site_name":"Peninsoul","article_modified_time":"2026-03-10T13:18:35+00:00","twitter_card":"summary_large_image","twitter_misc":{"Dur\u00e9e de lecture estim\u00e9e":"2 minutes"},"schema":{"@context":"https:\/\/schema.org","@graph":[{"@type":"WebPage","@id":"https:\/\/peninsoul.com\/en\/politica-de-privacitat\/","url":"https:\/\/peninsoul.com\/en\/politica-de-privacitat\/","name":"Politique de confidentialit\u00e9 - Peninsoul","isPartOf":{"@id":"https:\/\/peninsoul.com\/#website"},"datePublished":"2025-07-03T11:30:32+00:00","dateModified":"2026-03-10T13:18:35+00:00","breadcrumb":{"@id":"https:\/\/peninsoul.com\/en\/politica-de-privacitat\/#breadcrumb"},"inLanguage":"fr-FR","potentialAction":[{"@type":"ReadAction","target":["https:\/\/peninsoul.com\/en\/politica-de-privacitat\/"]}]},{"@type":"BreadcrumbList","@id":"https:\/\/peninsoul.com\/en\/politica-de-privacitat\/#breadcrumb","itemListElement":[{"@type":"ListItem","position":1,"name":"Inici","item":"https:\/\/peninsoul.com\/"},{"@type":"ListItem","position":2,"name":"Pol\u00edtica de privacitat"}]},{"@type":"WebSite","@id":"https:\/\/peninsoul.com\/#website","url":"https:\/\/peninsoul.com\/","name":"Peninsoul","description":"Recyclez, transformez et connectez-vous au monde.","potentialAction":[{"@type":"SearchAction","target":{"@type":"EntryPoint","urlTemplate":"https:\/\/peninsoul.com\/?s={search_term_string}"},"query-input":{"@type":"PropertyValueSpecification","valueRequired":true,"valueName":"search_term_string"}}],"inLanguage":"fr-FR"}]}},"_links":{"self":[{"href":"https:\/\/peninsoul.com\/fr\/wp-json\/wp\/v2\/pages\/126","targetHints":{"allow":["GET"]}}],"collection":[{"href":"https:\/\/peninsoul.com\/fr\/wp-json\/wp\/v2\/pages"}],"about":[{"href":"https:\/\/peninsoul.com\/fr\/wp-json\/wp\/v2\/types\/page"}],"author":[{"embeddable":true,"href":"https:\/\/peninsoul.com\/fr\/wp-json\/wp\/v2\/users\/1"}],"replies":[{"embeddable":true,"href":"https:\/\/peninsoul.com\/fr\/wp-json\/wp\/v2\/comments?post=126"}],"version-history":[{"count":4,"href":"https:\/\/peninsoul.com\/fr\/wp-json\/wp\/v2\/pages\/126\/revisions"}],"predecessor-version":[{"id":167,"href":"https:\/\/peninsoul.com\/fr\/wp-json\/wp\/v2\/pages\/126\/revisions\/167"}],"wp:attachment":[{"href":"https:\/\/peninsoul.com\/fr\/wp-json\/wp\/v2\/media?parent=126"}],"curies":[{"name":"wp","href":"https:\/\/api.w.org\/{rel}","templated":true}]}}